{"id":11,"date":"2026-04-07T14:57:31","date_gmt":"2026-04-07T14:57:31","guid":{"rendered":"https:\/\/upap.pt\/?page_id=11"},"modified":"2026-04-09T09:54:28","modified_gmt":"2026-04-09T09:54:28","slug":"eventos","status":"publish","type":"page","link":"https:\/\/upap.pt\/index.php\/eventos\/","title":{"rendered":"Eventos"},"content":{"rendered":"\n<p>A <strong>Uni\u00e3o Portuguesa de Arte em Porcelana &#8211; U.P.A.P<\/strong>. foi constitu\u00edda por escritura p\u00fablica em 12 de Janeiro de 1987. Por despacho do Exmo. Senhor Primeiro-Ministro, publicado em 5 de Julho de 2000 no Di\u00e1rio da Rep\u00fablica, II S\u00e9rie, com o n\u00famero 153, a Uni\u00e3o Portuguesa de Arte em Porcelana &#8211; U.P.A.P. &#8211; passou a ser considerada como <strong>Pessoa Coletiva de Utilidade P\u00fablica.<\/strong><\/p>\n\n\n\n<p>Constam do seu <strong>curriculum<\/strong> os seguintes eventos:<\/p>\n\n\n\n<figure class=\"wp-block-table aligncenter has-small-font-size\"><table class=\"has-fixed-layout\"><tbody><tr><td><strong>Ano<\/strong><\/td><td>M\u00eas<\/td><td>Evento \/ Exposi\u00e7\u00e3o<\/td><td>Local \/ Cidade<\/td><\/tr><tr><td rowspan=\"2\">1987<\/td><td>Maio<\/td><td>I Exposi\u00e7\u00e3o Nacional de Pintura em Porcelana<\/td><td>Pal\u00e1cio Conde de \u00d3bidos (Cruz Vermelha) &#8211; Lisboa<\/td><\/tr><tr><td>Outubro<\/td><td>I Exposi\u00e7\u00e3o Internacional Luso-Brasileira<\/td><td>Pal\u00e1cio Conde de \u00d3bidos &#8211; Lisboa<\/td><\/tr><tr><td rowspan=\"3\">1988<\/td><td>Maio<\/td><td>II Exposi\u00e7\u00e3o Nacional de Pintura em Porcelana<\/td><td>Pal\u00e1cio Galveias &#8211; Lisboa<\/td><\/tr><tr><td>Junho<\/td><td>Exposi\u00e7\u00e3o Regional de Pintura em Porcelana<\/td><td>Sal\u00f5es da Cruz Vermelha &#8211; Porto<\/td><\/tr><tr><td>Dezembro<\/td><td>I Exposi\u00e7\u00e3o Luso-Brasileira<\/td><td>Consulado Geral de Portugal &#8211; Rio de Janeiro<\/td><\/tr><tr><td rowspan=\"4\">1989<\/td><td>Maio<\/td><td>Exposi\u00e7\u00e3o Regional de Pintura em Porcelana<\/td><td>Solar Teles de Vasconcelos &#8211; Guarda<\/td><\/tr><tr><td>Junho<\/td><td>II Exposi\u00e7\u00e3o Internacional de Pintura em Porcelana<\/td><td>Pal\u00e1cio Galveias &#8211; Lisboa<\/td><\/tr><tr><td>Julho<\/td><td>III Exposi\u00e7\u00e3o Nacional de Pintura em Porcelana<\/td><td>Funchal &#8211; Madeira<\/td><\/tr><tr><td>Novembro<\/td><td>Exposi\u00e7\u00e3o Regional de Pintura em Porcelana<\/td><td>Sociedade de Geografia &#8211; Lisboa<\/td><\/tr><tr><td rowspan=\"4\">1990<\/td><td>Junho<\/td><td>IV Exposi\u00e7\u00e3o Nacional de Pintura em Porcelana<\/td><td>Museu Municipal &#8211; Estremoz<\/td><\/tr><tr><td>Junho<\/td><td>V Exposi\u00e7\u00e3o Nacional de Pintura em Porcelana<\/td><td>Sec. Regional de Ed. e Cultura &#8211; Ilha Terceira (A\u00e7ores)<\/td><\/tr><tr><td>Novembro<\/td><td>VI Exposi\u00e7\u00e3o Nacional de Pintura em Porcelana<\/td><td>Sociedade de Geografia &#8211; Lisboa<\/td><\/tr><tr><td>Dezembro<\/td><td>III Exposi\u00e7\u00e3o Luso-Brasileira<\/td><td>Pal\u00e1cio de S\u00e3o Clemente &#8211; Rio de Janeiro<\/td><\/tr><tr><td rowspan=\"2\">1991<\/td><td>Junho<\/td><td>III Exposi\u00e7\u00e3o Internacional de Pintura em Porcelana<\/td><td>Sociedade de Geografia &#8211; Lisboa<\/td><\/tr><tr><td>Julho<\/td><td>VII Exposi\u00e7\u00e3o Nacional de Pintura em Porcelana<\/td><td>Clube Farense &#8211; Faro<\/td><\/tr><tr><td rowspan=\"2\">1992<\/td><td>Mar\u00e7o<\/td><td>VIII Exposi\u00e7\u00e3o Nacional de Pintura em Porcelana<\/td><td>Coimbra<\/td><\/tr><tr><td>Maio<\/td><td>IX Exposi\u00e7\u00e3o Nacional de Pintura em Porcelana<\/td><td>Cooperativa Militar &#8211; Lisboa<\/td><\/tr><tr><td rowspan=\"2\">1993<\/td><td>Maio<\/td><td>IV Exposi\u00e7\u00e3o Internacional de Pintura em Porcelana<\/td><td>Estufa Fria &#8211; Lisboa<\/td><\/tr><tr><td>Junho<\/td><td>X Exposi\u00e7\u00e3o Nacional de Pintura em Porcelana<\/td><td>Convento de S. Francisco &#8211; Tomar<\/td><\/tr><tr><td>1994<\/td><td>Maio<\/td><td>XI Exposi\u00e7\u00e3o Nacional de Pintura em Porcelana<\/td><td>Galeria da Cooperativa Militar &#8211; Lisboa<\/td><\/tr><tr><td rowspan=\"2\">1995<\/td><td>Junho<\/td><td>V Exposi\u00e7\u00e3o Internacional de Pintura em Porcelana<\/td><td>Estufa Fria &#8211; Lisboa<\/td><\/tr><tr><td>Novembro<\/td><td>XII Exposi\u00e7\u00e3o Nacional de Pintura em Porcelana<\/td><td>J. F. Santa Maria dos Olivais &#8211; Lisboa<\/td><\/tr><tr><td rowspan=\"2\">1996<\/td><td>Maio<\/td><td>XIII Exposi\u00e7\u00e3o Nacional de Pintura em Porcelana<\/td><td>Estufa Fria &#8211; Lisboa<\/td><\/tr><tr><td>Novembro<\/td><td>XIV Exposi\u00e7\u00e3o Nacional de Pintura em Porcelana<\/td><td>Ipanema Park Hotel &#8211; Porto<\/td><\/tr><tr><td rowspan=\"3\">1997<\/td><td>Mar\u00e7o<\/td><td>XV Exposi\u00e7\u00e3o Nacional de Pintura em Porcelana<\/td><td>Solar da Pra\u00e7a de Santa Maria &#8211; \u00d3bidos<\/td><\/tr><tr><td>Maio<\/td><td>VI Exposi\u00e7\u00e3o Internacional de Pintura em Porcelana<\/td><td>Estufa Fria &#8211; Lisboa<\/td><\/tr><tr><td>Novembro<\/td><td>XVI Exposi\u00e7\u00e3o Nacional de Pintura em Porcelana<\/td><td>Ipanema Park Hotel &#8211; Porto<\/td><\/tr><tr><td rowspan=\"3\">1998<\/td><td>Mar\u00e7o<\/td><td>XVII Exposi\u00e7\u00e3o Nacional de Pintura em Porcelana<\/td><td>Sal\u00e3o Nobre da C\u00e2mara Municipal &#8211; Tavira<\/td><\/tr><tr><td>Maio<\/td><td>XVIII Exposi\u00e7\u00e3o Nacional de Pintura em Porcelana<\/td><td>Estufa Fria &#8211; Lisboa<\/td><\/tr><tr><td>Novembro<\/td><td>XIX Exposi\u00e7\u00e3o Nacional de Pintura em Porcelana<\/td><td>Museu Condes Castro Guimar\u00e3es &#8211; Cascais<\/td><\/tr><tr><td rowspan=\"2\">1999<\/td><td>Junho<\/td><td>VII Exposi\u00e7\u00e3o Internacional de Pintura em Porcelana<\/td><td>F\u00f3rum Lisboa<\/td><\/tr><tr><td>Outubro<\/td><td>XX Exposi\u00e7\u00e3o Nacional de Pintura em Porcelana<\/td><td>Biblioteca Municipal &#8211; Barreiro<\/td><\/tr><tr><td rowspan=\"3\">2000<\/td><td>Mar\u00e7o<\/td><td>XXI Exposi\u00e7\u00e3o Nacional de Pintura em Porcelana<\/td><td>SNQTB &#8211; Ponta Delgada (A\u00e7ores)<\/td><\/tr><tr><td>Maio<\/td><td>XXII Exposi\u00e7\u00e3o Nacional de Pintura em Porcelana<\/td><td>Estufa Fria &#8211; Lisboa<\/td><\/tr><tr><td>Novembro<\/td><td>XXIII Exposi\u00e7\u00e3o Nacional de Pintura em Porcelana<\/td><td>Olivais Shopping Center &#8211; Lisboa<\/td><\/tr><tr><td rowspan=\"2\">2001<\/td><td>Maio<\/td><td>VIII Exposi\u00e7\u00e3o Internacional de Pintura em Porcelana<\/td><td>Estufa Fria &#8211; Lisboa<\/td><\/tr><tr><td>Outubro<\/td><td>XXIV Exposi\u00e7\u00e3o Nacional de Pintura em Porcelana<\/td><td>Gin\u00e1sio Clube de Faro<\/td><\/tr><tr><td rowspan=\"2\">2002<\/td><td>Maio<\/td><td>XXV Exposi\u00e7\u00e3o Nacional de Pintura em Porcelana<\/td><td>Estufa Fria &#8211; Lisboa<\/td><\/tr><tr><td>Novembro<\/td><td>XXVI Exposi\u00e7\u00e3o Nacional de Pintura em Porcelana<\/td><td>Hotel Tuela &#8211; Porto<\/td><\/tr><tr><td rowspan=\"2\">2003<\/td><td>Maio<\/td><td>IX Exposi\u00e7\u00e3o Internacional de Pintura em Porcelana<\/td><td>Pal\u00e1cio da Independ\u00eancia &#8211; Lisboa<\/td><\/tr><tr><td>Outubro<\/td><td>XXVII Exposi\u00e7\u00e3o Nacional de Pintura em Porcelana<\/td><td>Centro de Neg\u00f3cios &#8211; Our\u00e9m<\/td><\/tr><tr><td rowspan=\"2\">2004<\/td><td>Junho<\/td><td>XXVIII Exposi\u00e7\u00e3o Nacional de Pintura em Porcelana<\/td><td>Estufa Fria &#8211; Lisboa<\/td><\/tr><tr><td>Novembro<\/td><td>XXIX Exposi\u00e7\u00e3o Nacional de Pintura em Porcelana<\/td><td>Olivais Shopping Center &#8211; Lisboa<\/td><\/tr><tr><td rowspan=\"3\">2005<\/td><td>Abril<\/td><td>44\u00aa Exposi\u00e7\u00e3o (Nacional)<\/td><td>C\u00e2mara Municipal do Funchal<\/td><\/tr><tr><td>Julho<\/td><td>45\u00aa Exposi\u00e7\u00e3o (Internacional)<\/td><td>Estufa Fria &#8211; Lisboa<\/td><\/tr><tr><td>Novembro<\/td><td>46\u00aa Exposi\u00e7\u00e3o (Nacional)<\/td><td>Gin\u00e1sio Clube de Faro<\/td><\/tr><tr><td rowspan=\"2\">2006<\/td><td>Julho<\/td><td>47\u00aa Exposi\u00e7\u00e3o de Pintura em Porcelana<\/td><td>Estufa Fria &#8211; Lisboa<\/td><\/tr><tr><td>Novembro<\/td><td>48\u00aa Exposi\u00e7\u00e3o de Pintura em Porcelana<\/td><td>Olivais Shopping Center &#8211; Lisboa<\/td><\/tr><tr><td rowspan=\"2\">2007<\/td><td>Maio<\/td><td>49\u00aa Exposi\u00e7\u00e3o de Pintura em Porcelana<\/td><td>Hotel Olissippo Marqu\u00eas de S\u00e1 &#8211; Lisboa<\/td><\/tr><tr><td>Novembro<\/td><td>50\u00aa Exposi\u00e7\u00e3o de Pintura em Porcelana<\/td><td>Espa\u00e7o Arte e Cultura &#8211; Covilh\u00e3<\/td><\/tr><tr><td rowspan=\"2\">2008<\/td><td>Maio\/Junho<\/td><td>51\u00aa Exposi\u00e7\u00e3o de Pintura em Porcelana<\/td><td>Hotel Mundial &#8211; Lisboa<\/td><\/tr><tr><td>Outubro<\/td><td>52\u00aa Exposi\u00e7\u00e3o de Pintura em Porcelana<\/td><td>Hotel A\u00e7ores Atl\u00e2ntico &#8211; Ponta Delgada<\/td><\/tr><tr><td rowspan=\"2\">2009<\/td><td>Maio<\/td><td>53\u00aa Exposi\u00e7\u00e3o de Pintura em Porcelana<\/td><td>Hotel Mundial &#8211; Lisboa<\/td><\/tr><tr><td>Novembro<\/td><td>54\u00aa Exposi\u00e7\u00e3o de Pintura em Porcelana<\/td><td>Hotel Tuela &#8211; Porto<\/td><\/tr><tr><td rowspan=\"2\">2010<\/td><td>Maio<\/td><td>55\u00aa Exposi\u00e7\u00e3o de Pintura em Porcelana<\/td><td>Hotel Mundial &#8211; Lisboa<\/td><\/tr><tr><td>Novembro<\/td><td>56\u00aa Exposi\u00e7\u00e3o de Pintura em Porcelana<\/td><td>Hotel Turismo &#8211; Braga<\/td><\/tr><tr><td>2011<\/td><td>Maio<\/td><td>57\u00aa Exposi\u00e7\u00e3o de Pintura em Porcelana<\/td><td>Hotel Mundial &#8211; Lisboa<\/td><\/tr><tr><td>2012<\/td><td>Maio<\/td><td>58\u00aa Exposi\u00e7\u00e3o de Pintura em Porcelana<\/td><td>Hotel Mundial &#8211; Lisboa<\/td><\/tr><tr><td>2013<\/td><td>Maio<\/td><td>59\u00aa Exposi\u00e7\u00e3o de Pintura em Porcelana<\/td><td>Hotel Mundial &#8211; Lisboa<\/td><\/tr><tr><td>2014<\/td><td>Maio<\/td><td>60\u00aa Exposi\u00e7\u00e3o de Pintura em Porcelana<\/td><td>Hotel Mundial &#8211; Lisboa<\/td><\/tr><tr><td>2015<\/td><td>Maio<\/td><td>61\u00aa Exposi\u00e7\u00e3o de Pintura em Porcelana<\/td><td>Hotel Mundial &#8211; Lisboa<\/td><\/tr><tr><td>2016<\/td><td>Maio<\/td><td>62\u00aa Exposi\u00e7\u00e3o de Pintura em Porcelana<\/td><td>Hotel Mundial &#8211; Lisboa<\/td><\/tr><tr><td>2017<\/td><td>Maio<\/td><td>63\u00aa Exposi\u00e7\u00e3o de Pintura em Porcelana<\/td><td>Hotel Mundial &#8211; Lisboa<\/td><\/tr><tr><td>2018<\/td><td>Maio<\/td><td>64\u00aa Exposi\u00e7\u00e3o de Pintura em Porcelana<\/td><td>Hotel Mundial \u2013 Lisboa<\/td><\/tr><tr><td>2019<\/td><td>Maio<\/td><td>65\u00aa Exposi\u00e7\u00e3o de Pintura em Porcelana<\/td><td>Hotel Mundial \u2013 Lisboa<\/td><\/tr><tr><td>2021<\/td><td>Novembro<\/td><td>66\u00aa Exposi\u00e7\u00e3o de Pintura em Porcelana<\/td><td>Hotel Mundial \u2013 Lisboa<\/td><\/tr><tr><td>2022<\/td><td>Maio<\/td><td>67\u00aa Exposi\u00e7\u00e3o de Pintura em Porcelana<\/td><td>Hotel Mundial \u2013 Lisboa<\/td><\/tr><tr><td>2023<\/td><td>Maio<\/td><td>68\u00aa Exposi\u00e7\u00e3o de Pintura em Porcelana<\/td><td>Hotel Mundial \u2013 Lisboa<\/td><\/tr><tr><td>2026<\/td><td>Maio<\/td><td>69\u00aa Exposi\u00e7\u00e3o de Pintura em Porcelana<\/td><td>\u00a0Hotel Holiday Inn Continental<\/td><\/tr><\/tbody><\/table><\/figure>\n","protected":false},"excerpt":{"rendered":"<p>A Uni\u00e3o Portuguesa de Arte em Porcelana &#8211; U.P.A.P. foi constitu\u00edda por escritura p\u00fablica em 12 de Janeiro de 1987. Por despacho do Exmo. Senhor Primeiro-Ministro, publicado em 5 de Julho de 2000 no Di\u00e1rio da Rep\u00fablica, II S\u00e9rie, com o n\u00famero 153, a Uni\u00e3o Portuguesa de Arte em Porcelana &#8211; U.P.A.P. &#8211; passou a [&hellip;]<\/p>\n","protected":false},"author":2,"featured_media":0,"parent":0,"menu_order":0,"comment_status":"closed","ping_status":"closed","template":"","meta":{"zakra_page_container_layout":"customizer","zakra_page_sidebar_layout":"customizer","zakra_remove_content_margin":false,"zakra_sidebar":"customizer","zakra_transparent_header":"customizer","zakra_logo":0,"zakra_main_header_style":"default","zakra_menu_item_color":"","zakra_menu_item_hover_color":"","zakra_menu_item_active_color":"","zakra_menu_active_style":"","zakra_page_header":true,"footnotes":""},"class_list":["post-11","page","type-page","status-publish","hentry"],"_links":{"self":[{"href":"https:\/\/upap.pt\/index.php\/wp-json\/wp\/v2\/pages\/11","targetHints":{"allow":["GET"]}}],"collection":[{"href":"https:\/\/upap.pt\/index.php\/wp-json\/wp\/v2\/pages"}],"about":[{"href":"https:\/\/upap.pt\/index.php\/wp-json\/wp\/v2\/types\/page"}],"author":[{"embeddable":true,"href":"https:\/\/upap.pt\/index.php\/wp-json\/wp\/v2\/users\/2"}],"replies":[{"embeddable":true,"href":"https:\/\/upap.pt\/index.php\/wp-json\/wp\/v2\/comments?post=11"}],"version-history":[{"count":3,"href":"https:\/\/upap.pt\/index.php\/wp-json\/wp\/v2\/pages\/11\/revisions"}],"predecessor-version":[{"id":72,"href":"https:\/\/upap.pt\/index.php\/wp-json\/wp\/v2\/pages\/11\/revisions\/72"}],"wp:attachment":[{"href":"https:\/\/upap.pt\/index.php\/wp-json\/wp\/v2\/media?parent=11"}],"curies":[{"name":"wp","href":"https:\/\/api.w.org\/{rel}","templated":true}]}}